{"id":316,"date":"2021-10-19T12:35:37","date_gmt":"2021-10-19T15:35:37","guid":{"rendered":"https:\/\/micahierro.com\/?page_id=316"},"modified":"2021-12-09T10:26:14","modified_gmt":"2021-12-09T13:26:14","slug":"mi-historia","status":"publish","type":"page","link":"https:\/\/micahierro.com\/index.php\/mi-historia\/","title":{"rendered":"Mi historia"},"content":{"rendered":"\t\t<div data-elementor-type=\"wp-page\" data-elementor-id=\"316\" class=\"elementor elementor-316\">\n\t\t\t\t\t\t<section class=\"elementor-section elementor-top-section elementor-element elementor-element-d763375 elementor-section-boxed elementor-section-height-default elementor-section-height-default\" data-id=\"d763375\" data-element_type=\"section\">\n\t\t\t\t\t\t<div class=\"elementor-container elementor-column-gap-default\">\n\t\t\t\t\t<div class=\"elementor-column elementor-col-100 elementor-top-column elementor-element elementor-element-e1ed6f7\" data-id=\"e1ed6f7\" data-element_type=\"column\">\n\t\t\t<div class=\"elementor-widget-wrap\">\n\t\t\t\t\t\t\t<\/div>\n\t\t<\/div>\n\t\t\t\t\t<\/div>\n\t\t<\/section>\n\t\t\t\t<section class=\"elementor-section elementor-top-section elementor-element elementor-element-8c1e7f8 elementor-section-boxed elementor-section-height-default elementor-section-height-default\" data-id=\"8c1e7f8\" data-element_type=\"section\">\n\t\t\t\t\t\t<div class=\"elementor-container elementor-column-gap-default\">\n\t\t\t\t\t<div class=\"elementor-column elementor-col-100 elementor-top-column elementor-element elementor-element-a941a51\" data-id=\"a941a51\" data-element_type=\"column\">\n\t\t\t<div class=\"elementor-widget-wrap elementor-element-populated\">\n\t\t\t\t\t\t<div class=\"elementor-element elementor-element-91c7d71 elementor-widget elementor-widget-spacer\" data-id=\"91c7d71\" data-element_type=\"widget\" data-widget_type=\"spacer.default\">\n\t\t\t\t<div class=\"elementor-widget-container\">\n\t\t\t\t\t\t\t<div class=\"elementor-spacer\">\n\t\t\t<div class=\"elementor-spacer-inner\"><\/div>\n\t\t<\/div>\n\t\t\t\t\t\t<\/div>\n\t\t\t\t<\/div>\n\t\t\t\t<div class=\"elementor-element elementor-element-abfde93 elementor-widget elementor-widget-heading\" data-id=\"abfde93\" data-element_type=\"widget\" data-widget_type=\"heading.default\">\n\t\t\t\t<div class=\"elementor-widget-container\">\n\t\t\t\t\t<h6 class=\"elementor-heading-title elementor-size-default\">\n\nMI HISTORIA<\/h6>\t\t\t\t<\/div>\n\t\t\t\t<\/div>\n\t\t\t\t<div class=\"elementor-element elementor-element-aa04051 elementor-widget elementor-widget-heading\" data-id=\"aa04051\" data-element_type=\"widget\" data-widget_type=\"heading.default\">\n\t\t\t\t<div class=\"elementor-widget-container\">\n\t\t\t\t\t<h1 class=\"elementor-heading-title elementor-size-default\">Hola, soy <br>Micaela Hierro Dori<\/h1>\t\t\t\t<\/div>\n\t\t\t\t<\/div>\n\t\t\t\t\t<\/div>\n\t\t<\/div>\n\t\t\t\t\t<\/div>\n\t\t<\/section>\n\t\t\t\t<section class=\"elementor-section elementor-top-section elementor-element elementor-element-5aaceeb elementor-section-boxed elementor-section-height-default elementor-section-height-default\" data-id=\"5aaceeb\" data-element_type=\"section\">\n\t\t\t\t\t\t<div class=\"elementor-container elementor-column-gap-default\">\n\t\t\t\t\t<div class=\"elementor-column elementor-col-100 elementor-top-column elementor-element elementor-element-05ba37e\" data-id=\"05ba37e\" data-element_type=\"column\">\n\t\t\t<div class=\"elementor-widget-wrap elementor-element-populated\">\n\t\t\t\t\t\t<div class=\"elementor-element elementor-element-aaeaefe elementor-widget elementor-widget-image\" data-id=\"aaeaefe\" data-element_type=\"widget\" data-widget_type=\"image.default\">\n\t\t\t\t<div class=\"elementor-widget-container\">\n\t\t\t\t\t\t\t\t\t\t\t\t\t\t\t<img fetchpriority=\"high\" decoding=\"async\" width=\"1024\" height=\"552\" src=\"https:\/\/micahierro.com\/wp-content\/uploads\/2021\/10\/Micaela-Hierro-Dori-Mi-Historia-1024x552.jpg\" class=\"attachment-large size-large wp-image-395\" alt=\"\" srcset=\"https:\/\/micahierro.com\/wp-content\/uploads\/2021\/10\/Micaela-Hierro-Dori-Mi-Historia-1024x552.jpg 1024w, https:\/\/micahierro.com\/wp-content\/uploads\/2021\/10\/Micaela-Hierro-Dori-Mi-Historia-300x162.jpg 300w, https:\/\/micahierro.com\/wp-content\/uploads\/2021\/10\/Micaela-Hierro-Dori-Mi-Historia-768x414.jpg 768w, https:\/\/micahierro.com\/wp-content\/uploads\/2021\/10\/Micaela-Hierro-Dori-Mi-Historia-260x140.jpg 260w, https:\/\/micahierro.com\/wp-content\/uploads\/2021\/10\/Micaela-Hierro-Dori-Mi-Historia-50x27.jpg 50w, https:\/\/micahierro.com\/wp-content\/uploads\/2021\/10\/Micaela-Hierro-Dori-Mi-Historia-139x75.jpg 139w, https:\/\/micahierro.com\/wp-content\/uploads\/2021\/10\/Micaela-Hierro-Dori-Mi-Historia.jpg 1200w\" sizes=\"(max-width: 1024px) 100vw, 1024px\" \/>\t\t\t\t\t\t\t\t\t\t\t\t\t\t\t<\/div>\n\t\t\t\t<\/div>\n\t\t\t\t\t<\/div>\n\t\t<\/div>\n\t\t\t\t\t<\/div>\n\t\t<\/section>\n\t\t\t\t<section class=\"elementor-section elementor-top-section elementor-element elementor-element-f3d9dd7 elementor-section-boxed elementor-section-height-default elementor-section-height-default\" data-id=\"f3d9dd7\" data-element_type=\"section\">\n\t\t\t\t\t\t<div class=\"elementor-container elementor-column-gap-default\">\n\t\t\t\t\t<div class=\"elementor-column elementor-col-100 elementor-top-column elementor-element elementor-element-75f8eb5\" data-id=\"75f8eb5\" data-element_type=\"column\">\n\t\t\t<div class=\"elementor-widget-wrap elementor-element-populated\">\n\t\t\t\t\t\t<section class=\"elementor-section elementor-inner-section elementor-element elementor-element-2c0a7b5 elementor-section-boxed elementor-section-height-default elementor-section-height-default\" data-id=\"2c0a7b5\" data-element_type=\"section\">\n\t\t\t\t\t\t<div class=\"elementor-container elementor-column-gap-default\">\n\t\t\t\t\t<div class=\"elementor-column elementor-col-50 elementor-inner-column elementor-element elementor-element-b14193d\" data-id=\"b14193d\" data-element_type=\"column\">\n\t\t\t<div class=\"elementor-widget-wrap elementor-element-populated\">\n\t\t\t\t\t\t<div class=\"elementor-element elementor-element-17bfde7 elementor-widget elementor-widget-text-editor\" data-id=\"17bfde7\" data-element_type=\"widget\" data-widget_type=\"text-editor.default\">\n\t\t\t\t<div class=\"elementor-widget-container\">\n\t\t\t\t\t\t\t\t\t<p><span style=\"font-weight: 400;\">Soy argentina, nac\u00ed en Buenos Aires en 1979 y crec\u00ed en Yapey\u00fa, Corrientes. Viv\u00ed en este pueblo hist\u00f3rico de 2 mil habitantes durante diez a\u00f1os hasta que me gradu\u00e9 del bachillerato en el Colegio Maip\u00fa. Siempre agradec\u00ed haber tenido la oportunidad de haber crecido en el interior del pa\u00eds, viendo a mi padre trabajar en la chacra como peque\u00f1o agricultor de quien aprend\u00ed la perseverancia y la cultura de trabajo, y mi madre maestra y bibliotecaria de quien aprend\u00ed el amor por los libros y el estudio.<\/span><\/p><p><span style=\"font-weight: 400;\">En el a\u00f1o 1995 obtuve la <\/span><a href=\"http:\/\/www.rutaquetzal.com\/\"><span style=\"font-weight: 400;\">Beca Ruta Quetzal<\/span><\/a><span style=\"font-weight: 400;\"> por la cual viaj\u00e9 a Espa\u00f1a, Ecuador y Per\u00fa, explorando el Mundo Inca junto a otros cientos de j\u00f3venes de toda Iberoam\u00e9rica. De este viaje recuerdo mi conversaci\u00f3n con\u00a0 Do\u00f1a Sof\u00eda as\u00ed como los debates con otros j\u00f3venes becarios sobre el autoritarismo de Fujimori, en plena Casa Pizarro, lo cual me llev\u00f3 a decidir no acercarme a saludarlo. Creo que fue a partir de esta experiencia que no s\u00f3lo decid\u00ed estudiar relaciones internacionales sino que comenc\u00e9 a idear y planificar proyectos.\u00a0<\/span><\/p><p><span style=\"font-weight: 400;\">Al a\u00f1o siguiente present\u00e9 al Gobernador de la provincia de Corrientes un proyecto de viaje cultural por Francia y Espa\u00f1a recorriendo la Ruta Sanmartiniana, que en 1997 se declar\u00f3 de inter\u00e9s provincial y se aprob\u00f3 presupuesto para que finalmente becar a un grupo de estudiantes de mi colegio.<\/span><\/p><p><span style=\"font-weight: 400;\">Desde entonces ha dado conferencias en distintos pa\u00edses de Am\u00e9rica Latina, y ha publicado numerosos art\u00edculos en revistas y peri\u00f3dicos en Am\u00e9rica Latina sobre sociedad civil, cooperaci\u00f3n internacional, integraci\u00f3n regional y derechos humanos.<\/span><\/p>\t\t\t\t\t\t\t\t<\/div>\n\t\t\t\t<\/div>\n\t\t\t\t\t<\/div>\n\t\t<\/div>\n\t\t\t\t<div class=\"elementor-column elementor-col-50 elementor-inner-column elementor-element elementor-element-984c760\" data-id=\"984c760\" data-element_type=\"column\">\n\t\t\t<div class=\"elementor-widget-wrap elementor-element-populated\">\n\t\t\t\t\t\t<div class=\"elementor-element elementor-element-43c8899 elementor-widget elementor-widget-text-editor\" data-id=\"43c8899\" data-element_type=\"widget\" data-widget_type=\"text-editor.default\">\n\t\t\t\t<div class=\"elementor-widget-container\">\n\t\t\t\t\t\t\t\t\t<p><span style=\"font-weight: 400;\">Cuando me mud\u00e9 a Buenos Aires a los 18 a\u00f1os a estudiar, era una joven m\u00e1s del interior que deb\u00eda trabajar para pagar sus estudios y los gastos. Trabaj\u00e9 desde una panader\u00eda alemana, secretaria y recepcionista hasta desarrollar el \u00e1rea de comercio exterior para una empresa frutihort\u00edcola. Para el momento que me gradu\u00e9 de <\/span><a href=\"https:\/\/drive.google.com\/drive\/u\/0\/folders\/1h5ii12WlRyRJLRkaKN3KaMvDeUpo5Gk5\"><span style=\"font-weight: 400;\">Licenciada en Relaciones Internacionales<\/span><\/a><span style=\"font-weight: 400;\"> ya hab\u00eda explorado el mundo de la sociedad civil, en el 2004 participando en la Comisi\u00f3n de Relaciones Internacionales del Club Europeo, as\u00ed como con el impulso de un proyecto llamado DONUM \u201cPoner al servicio de los dem\u00e1s los dones recibidos\u201d, un espacio para conectar voluntarios con las organizaciones sin fines de lucro. Fue as\u00ed que llegu\u00e9 a conocer al equipo de <\/span><a href=\"http:\/\/www.resnonverba.org\/\"><span style=\"font-weight: 400;\">Res Non Verba<\/span><\/a><span style=\"font-weight: 400;\"> con quien colabor\u00e9 brevemente ese a\u00f1o antes de viajar a Kenia. A partir de ese a\u00f1o no he dejado de trabajar como voluntaria o profesionalmente en el \u00e1mbito de la sociedad civil, el sector donde vivo mi vocaci\u00f3n de servicio. Asimismo, cuando comenc\u00e9 a participar de la Juventud de la <\/span><a href=\"http:\/\/www.odca.cl\/organizacion\/\"><span style=\"font-weight: 400;\">Organizaci\u00f3n de la Democracia Cristiana de las Am\u00e9ricas<\/span><\/a><span style=\"font-weight: 400;\"> a trav\u00e9s de Generaci\u00f3n Democr\u00e1tica tuve mi acercamiento hacia el mundo de la pol\u00edtica desde el humanismo cristiano. Conocer el pensamiento de Maritain, Mounier, Luther King,&nbsp; me llev\u00f3&nbsp; a abrazar los valores democr\u00e1ticos, trabajar por el bien com\u00fan teniendo a la persona como centro de las pol\u00edticas con una visi\u00f3n de trascendencia hasta el punto de trabajar en incidencia pol\u00edtica y conceptos como la desobediencia civil en caso de leyes injustas que vayan en detrimento de los derechos fundamentales e inalienables.<\/span><\/p>\t\t\t\t\t\t\t\t<\/div>\n\t\t\t\t<\/div>\n\t\t\t\t\t<\/div>\n\t\t<\/div>\n\t\t\t\t\t<\/div>\n\t\t<\/section>\n\t\t\t\t<div class=\"elementor-element elementor-element-8296922 elementor-widget-divider--view-line elementor-widget elementor-widget-divider\" data-id=\"8296922\" data-element_type=\"widget\" data-widget_type=\"divider.default\">\n\t\t\t\t<div class=\"elementor-widget-container\">\n\t\t\t\t\t\t\t<div class=\"elementor-divider\">\n\t\t\t<span class=\"elementor-divider-separator\">\n\t\t\t\t\t\t<\/span>\n\t\t<\/div>\n\t\t\t\t\t\t<\/div>\n\t\t\t\t<\/div>\n\t\t\t\t\t<\/div>\n\t\t<\/div>\n\t\t\t\t\t<\/div>\n\t\t<\/section>\n\t\t\t\t<section class=\"elementor-section elementor-top-section elementor-element elementor-element-6be4567 elementor-section-boxed elementor-section-height-default elementor-section-height-default\" data-id=\"6be4567\" data-element_type=\"section\">\n\t\t\t\t\t\t<div class=\"elementor-container elementor-column-gap-default\">\n\t\t\t\t\t<div class=\"elementor-column elementor-col-100 elementor-top-column elementor-element elementor-element-1289767\" data-id=\"1289767\" data-element_type=\"column\">\n\t\t\t<div class=\"elementor-widget-wrap elementor-element-populated\">\n\t\t\t\t\t\t<div class=\"elementor-element elementor-element-5dc30a4 elementor-widget elementor-widget-heading\" data-id=\"5dc30a4\" data-element_type=\"widget\" data-widget_type=\"heading.default\">\n\t\t\t\t<div class=\"elementor-widget-container\">\n\t\t\t\t\t<h2 class=\"elementor-heading-title elementor-size-default\">Mi vida acad\u00e9mica<\/h2>\t\t\t\t<\/div>\n\t\t\t\t<\/div>\n\t\t\t\t\t<\/div>\n\t\t<\/div>\n\t\t\t\t\t<\/div>\n\t\t<\/section>\n\t\t\t\t<section class=\"elementor-section elementor-top-section elementor-element elementor-element-527df23 elementor-section-boxed elementor-section-height-default elementor-section-height-default\" data-id=\"527df23\" data-element_type=\"section\">\n\t\t\t\t\t\t<div class=\"elementor-container elementor-column-gap-default\">\n\t\t\t\t\t<div class=\"elementor-column elementor-col-100 elementor-top-column elementor-element elementor-element-a17f819\" data-id=\"a17f819\" data-element_type=\"column\">\n\t\t\t<div class=\"elementor-widget-wrap elementor-element-populated\">\n\t\t\t\t\t\t<section class=\"elementor-section elementor-inner-section elementor-element elementor-element-61d11ea elementor-section-boxed elementor-section-height-default elementor-section-height-default\" data-id=\"61d11ea\" data-element_type=\"section\">\n\t\t\t\t\t\t<div class=\"elementor-container elementor-column-gap-default\">\n\t\t\t\t\t<div class=\"elementor-column elementor-col-50 elementor-inner-column elementor-element elementor-element-9e9d70b\" data-id=\"9e9d70b\" data-element_type=\"column\">\n\t\t\t<div class=\"elementor-widget-wrap elementor-element-populated\">\n\t\t\t\t\t\t<div class=\"elementor-element elementor-element-cc3ee3e elementor-widget elementor-widget-text-editor\" data-id=\"cc3ee3e\" data-element_type=\"widget\" data-widget_type=\"text-editor.default\">\n\t\t\t\t<div class=\"elementor-widget-container\">\n\t\t\t\t\t\t\t\t\t<p><span style=\"font-weight: 400;\">Licenciada en Relaciones Internacionales en la Universidad Cat\u00f3lica de Salta y <\/span><a href=\"https:\/\/drive.google.com\/drive\/u\/0\/folders\/1h5ii12WlRyRJLRkaKN3KaMvDeUpo5Gk5\"><span style=\"font-weight: 400;\">Mag\u00edster en Ciencia Pol\u00edtica de la Universidad Cat\u00f3lica de Chile<\/span><\/a><span style=\"font-weight: 400;\"> (becaria de la <\/span><a href=\"https:\/\/www.kas.de\/es\/web\/argentinien\"><span style=\"font-weight: 400;\">Fundaci\u00f3n Konrad Adenauer<\/span><\/a><span style=\"font-weight: 400;\">). Se ha desempe\u00f1ado como coordinadora acad\u00e9mica de la carrera de Ciencia Pol\u00edtica y Administraci\u00f3n P\u00fablica en la <\/span><a href=\"https:\/\/www.umcervantes.cl\/\"><span style=\"font-weight: 400;\">Universidad Miguel de Cervantes de Chile<\/span><\/a><span style=\"font-weight: 400;\"> (2010-2011) dictando clases de \u201cHumanismo Social\u201d, \u201cEconom\u00eda Social de Mercado\u201d y \u201cGlobalizaci\u00f3n y Posmodernidad\u201d. En dicha universidad chilena hab\u00eda obtenido el Diplomado de Relaciones Internacionales y Renovaci\u00f3n del Pensamiento en el 2008. La experiencia como profesora universitaria en Argentina ha sido dictando clases de \u201cSistem\u00e1tica de la Ciencia Pol\u00edtica\u201d\u00a0 (2012),\u00a0 Introducci\u00f3n a la Ciencia Pol\u00edtica (2021) en la Universidad del Salvador. Y en la misma universidad, desde 2018 dicta la c\u00e1tedra de \u201cLiderazgo y Conducci\u00f3n de Equipo\u201d en el curso de <\/span><a href=\"http:\/\/csoc.usal.edu.ar\/csoc_posgrado-especializacion-gestion-estrategica-las-organizaciones-publicas-egeop\"><span style=\"font-weight: 400;\">Posgrado de Gesti\u00f3n Estrat\u00e9gica de Organizaciones P\u00fablicas<\/span><\/a><span style=\"font-weight: 400;\">.\u00a0<\/span><\/p>\t\t\t\t\t\t\t\t<\/div>\n\t\t\t\t<\/div>\n\t\t\t\t\t<\/div>\n\t\t<\/div>\n\t\t\t\t<div class=\"elementor-column elementor-col-50 elementor-inner-column elementor-element elementor-element-a1bbe0b\" data-id=\"a1bbe0b\" data-element_type=\"column\">\n\t\t\t<div class=\"elementor-widget-wrap elementor-element-populated\">\n\t\t\t\t\t\t<div class=\"elementor-element elementor-element-75ff9e3 elementor-widget elementor-widget-text-editor\" data-id=\"75ff9e3\" data-element_type=\"widget\" data-widget_type=\"text-editor.default\">\n\t\t\t\t<div class=\"elementor-widget-container\">\n\t\t\t\t\t\t\t\t\t<p><span style=\"font-weight: 400;\">Desde entonces ha dado conferencias en distintos pa\u00edses de Am\u00e9rica Latina, y ha publicado numerosos art\u00edculos en revistas y peri\u00f3dicos en Am\u00e9rica Latina sobre sociedad civil, cooperaci\u00f3n internacional, integraci\u00f3n regional y derechos humanos. En 2019, curs\u00f3 el <\/span><a href=\"https:\/\/drive.google.com\/drive\/u\/0\/folders\/1h5ii12WlRyRJLRkaKN3KaMvDeUpo5Gk5\"><span style=\"font-weight: 400;\">Diplomado en Doctrina Social de la Iglesia de la Academia de L\u00edderes Cat\u00f3licos<\/span><\/a><span style=\"font-weight: 400;\">, la Comisi\u00f3n Pontificia de Am\u00e9rica Latina y la Fundaci\u00f3n Konrad Adenauer, y aprob\u00f3 el Curso de <\/span><a href=\"https:\/\/www.iae.edu.ar\/es\/Programas\/Focalizados\/Paginas\/Compliance-para-especialistas.aspx\"><span style=\"font-weight: 400;\">Compliance para Especialistas del IAE<\/span><\/a><span style=\"font-weight: 400;\">, Universidad Austral y recibi\u00f3 la Certificaci\u00f3n en \u201cLeadership Professional in Ethics &amp; Compliance\u201d del ECI. En el 2020 fue la Vicedirectora Acad\u00e9mica del Diplomado Internacional en DSI: \u201cLa Mujer en la Vida P\u00fablica: Feminismos, G\u00e9nero e Identidad Cat\u00f3lica en el siglo XXI\u201d dictado por Universidad Cat\u00f3lica del T\u00e1chira, Universidad Cat\u00f3lica de Costa Rica y Universidad Finis Terrae. En la actualidad cursa el Doctorado en Ciencia Pol\u00edtica en la<\/span><a href=\"http:\/\/uca.edu.ar\/es\"><span style=\"font-weight: 400;\"> Pontificia Universidad Cat\u00f3lica de Argentina<\/span><\/a><span style=\"font-weight: 400;\">.<\/span><\/p>\t\t\t\t\t\t\t\t<\/div>\n\t\t\t\t<\/div>\n\t\t\t\t\t<\/div>\n\t\t<\/div>\n\t\t\t\t\t<\/div>\n\t\t<\/section>\n\t\t\t\t\t<\/div>\n\t\t<\/div>\n\t\t\t\t\t<\/div>\n\t\t<\/section>\n\t\t\t\t<section class=\"elementor-section elementor-top-section elementor-element elementor-element-03eaf64 elementor-section-boxed elementor-section-height-default elementor-section-height-default\" data-id=\"03eaf64\" data-element_type=\"section\">\n\t\t\t\t\t\t<div class=\"elementor-container elementor-column-gap-default\">\n\t\t\t\t\t<div class=\"elementor-column elementor-col-100 elementor-top-column elementor-element elementor-element-d01510b\" data-id=\"d01510b\" data-element_type=\"column\">\n\t\t\t<div class=\"elementor-widget-wrap elementor-element-populated\">\n\t\t\t\t\t\t<div class=\"elementor-element elementor-element-791f735 elementor-widget-divider--view-line elementor-widget elementor-widget-divider\" data-id=\"791f735\" data-element_type=\"widget\" data-widget_type=\"divider.default\">\n\t\t\t\t<div class=\"elementor-widget-container\">\n\t\t\t\t\t\t\t<div class=\"elementor-divider\">\n\t\t\t<span class=\"elementor-divider-separator\">\n\t\t\t\t\t\t<\/span>\n\t\t<\/div>\n\t\t\t\t\t\t<\/div>\n\t\t\t\t<\/div>\n\t\t\t\t\t<\/div>\n\t\t<\/div>\n\t\t\t\t\t<\/div>\n\t\t<\/section>\n\t\t\t\t<section class=\"elementor-section elementor-top-section elementor-element elementor-element-8ddf144 elementor-section-boxed elementor-section-height-default elementor-section-height-default\" data-id=\"8ddf144\" data-element_type=\"section\">\n\t\t\t\t\t\t<div class=\"elementor-container elementor-column-gap-default\">\n\t\t\t\t\t<div class=\"elementor-column elementor-col-100 elementor-top-column elementor-element elementor-element-5612774\" data-id=\"5612774\" data-element_type=\"column\">\n\t\t\t<div class=\"elementor-widget-wrap elementor-element-populated\">\n\t\t\t\t\t\t<div class=\"elementor-element elementor-element-a7d9f6f elementor-widget elementor-widget-heading\" data-id=\"a7d9f6f\" data-element_type=\"widget\" data-widget_type=\"heading.default\">\n\t\t\t\t<div class=\"elementor-widget-container\">\n\t\t\t\t\t<h2 class=\"elementor-heading-title elementor-size-default\">Experiencia en Gobierno<\/h2>\t\t\t\t<\/div>\n\t\t\t\t<\/div>\n\t\t\t\t\t<\/div>\n\t\t<\/div>\n\t\t\t\t\t<\/div>\n\t\t<\/section>\n\t\t\t\t<section class=\"elementor-section elementor-top-section elementor-element elementor-element-18bfc9d elementor-section-boxed elementor-section-height-default elementor-section-height-default\" data-id=\"18bfc9d\" data-element_type=\"section\">\n\t\t\t\t\t\t<div class=\"elementor-container elementor-column-gap-default\">\n\t\t\t\t\t<div class=\"elementor-column elementor-col-100 elementor-top-column elementor-element elementor-element-c447f6f\" data-id=\"c447f6f\" data-element_type=\"column\">\n\t\t\t<div class=\"elementor-widget-wrap elementor-element-populated\">\n\t\t\t\t\t\t<div class=\"elementor-element elementor-element-506c931 elementor-widget elementor-widget-text-editor\" data-id=\"506c931\" data-element_type=\"widget\" data-widget_type=\"text-editor.default\">\n\t\t\t\t<div class=\"elementor-widget-container\">\n\t\t\t\t\t\t\t\t\t<p><span style=\"font-weight: 400;\">Su primer trabajo en el estado ha sido con un contrato del Programa de Naciones Unidas para el Desarrollo (PNUD) como asistente en Investigaci\u00f3n y Planificaci\u00f3n del \u00e1rea de Responsabilidad Social y Trabajo Decente del <\/span><a href=\"https:\/\/www.argentina.gob.ar\/trabajo\"><span style=\"font-weight: 400;\">Ministerio de Trabajo y Empleo de la Naci\u00f3n Argentina<\/span><\/a><span style=\"font-weight: 400;\"> (2006-2007).\u00a0 Luego trabaj\u00f3 como coordinadora del Proyecto de Empleo Juvenil del BID en la Unidad de Coordinaci\u00f3n de Pol\u00edticas P\u00fablicas de Juventud del Ministerio de Desarrollo Social del Gobierno de la Ciudad Aut\u00f3noma de Buenos Aires (2008) Se ha desempe\u00f1ado como consultora del Banco Interamericano de Desarrollo (BID) en la Unidad de Financiamiento Internacional del Gobierno de Mendoza (2009-2010), asesora de la Presidencia del Consejo de la Magistratura de la Ciudad Aut\u00f3noma de Buenos Aires (2009). Coordinadora de Proyecto de Informaci\u00f3n y Capacitaci\u00f3n Electoral para j\u00f3venes en la <\/span><a href=\"https:\/\/www.argentina.gob.ar\/interior\/dine\"><span style=\"font-weight: 400;\">Direcci\u00f3n Nacional Electoral<\/span><\/a><span style=\"font-weight: 400;\"> (2017) y Gerente de Control de <\/span><a href=\"https:\/\/www.loteriadelaciudad.gob.ar\/site\/\"><span style=\"font-weight: 400;\">LotBA S.E<\/span><\/a><span style=\"font-weight: 400;\">. (2017-2018). <\/span><\/p>\t\t\t\t\t\t\t\t<\/div>\n\t\t\t\t<\/div>\n\t\t\t\t\t<\/div>\n\t\t<\/div>\n\t\t\t\t\t<\/div>\n\t\t<\/section>\n\t\t\t\t<section class=\"elementor-section elementor-top-section elementor-element elementor-element-2532dfe elementor-section-boxed elementor-section-height-default elementor-section-height-default\" data-id=\"2532dfe\" data-element_type=\"section\">\n\t\t\t\t\t\t<div class=\"elementor-container elementor-column-gap-default\">\n\t\t\t\t\t<div class=\"elementor-column elementor-col-100 elementor-top-column elementor-element elementor-element-425b89c\" data-id=\"425b89c\" data-element_type=\"column\">\n\t\t\t<div class=\"elementor-widget-wrap elementor-element-populated\">\n\t\t\t\t\t\t<div class=\"elementor-element elementor-element-18bd94f elementor-widget-divider--view-line elementor-widget elementor-widget-divider\" data-id=\"18bd94f\" data-element_type=\"widget\" data-widget_type=\"divider.default\">\n\t\t\t\t<div class=\"elementor-widget-container\">\n\t\t\t\t\t\t\t<div class=\"elementor-divider\">\n\t\t\t<span class=\"elementor-divider-separator\">\n\t\t\t\t\t\t<\/span>\n\t\t<\/div>\n\t\t\t\t\t\t<\/div>\n\t\t\t\t<\/div>\n\t\t\t\t\t<\/div>\n\t\t<\/div>\n\t\t\t\t\t<\/div>\n\t\t<\/section>\n\t\t\t\t<section class=\"elementor-section elementor-top-section elementor-element elementor-element-4f47f42 elementor-section-boxed elementor-section-height-default elementor-section-height-default\" data-id=\"4f47f42\" data-element_type=\"section\">\n\t\t\t\t\t\t<div class=\"elementor-container elementor-column-gap-default\">\n\t\t\t\t\t<div class=\"elementor-column elementor-col-100 elementor-top-column elementor-element elementor-element-4160ce2\" data-id=\"4160ce2\" data-element_type=\"column\">\n\t\t\t<div class=\"elementor-widget-wrap\">\n\t\t\t\t\t\t\t<\/div>\n\t\t<\/div>\n\t\t\t\t\t<\/div>\n\t\t<\/section>\n\t\t\t\t<section class=\"elementor-section elementor-top-section elementor-element elementor-element-dc61f1f elementor-section-boxed elementor-section-height-default elementor-section-height-default\" data-id=\"dc61f1f\" data-element_type=\"section\">\n\t\t\t\t\t\t<div class=\"elementor-container elementor-column-gap-default\">\n\t\t\t\t\t<div class=\"elementor-column elementor-col-100 elementor-top-column elementor-element elementor-element-d478fad\" data-id=\"d478fad\" data-element_type=\"column\">\n\t\t\t<div class=\"elementor-widget-wrap elementor-element-populated\">\n\t\t\t\t\t\t<section class=\"elementor-section elementor-inner-section elementor-element elementor-element-761beef elementor-section-boxed elementor-section-height-default elementor-section-height-default\" data-id=\"761beef\" data-element_type=\"section\">\n\t\t\t\t\t\t<div class=\"elementor-container elementor-column-gap-default\">\n\t\t\t\t\t<div class=\"elementor-column elementor-col-50 elementor-inner-column elementor-element elementor-element-c0c6e8c\" data-id=\"c0c6e8c\" data-element_type=\"column\">\n\t\t\t<div class=\"elementor-widget-wrap elementor-element-populated\">\n\t\t\t\t\t\t<div class=\"elementor-element elementor-element-66aea4d elementor-widget elementor-widget-heading\" data-id=\"66aea4d\" data-element_type=\"widget\" data-widget_type=\"heading.default\">\n\t\t\t\t<div class=\"elementor-widget-container\">\n\t\t\t\t\t<h2 class=\"elementor-heading-title elementor-size-default\">Experiencia en \nla Sociedad Civil<\/h2>\t\t\t\t<\/div>\n\t\t\t\t<\/div>\n\t\t\t\t<div class=\"elementor-element elementor-element-bb4746a elementor-widget elementor-widget-text-editor\" data-id=\"bb4746a\" data-element_type=\"widget\" data-widget_type=\"text-editor.default\">\n\t\t\t\t<div class=\"elementor-widget-container\">\n\t\t\t\t\t\t\t\t\t<p><span style=\"font-weight: 400;\">Magister en Ciclo de Proyectos de Acci\u00f3n Humanitaria en la <\/span><a href=\"https:\/\/www.uoc.edu\/portal\/en\/index.html\"><span style=\"font-weight: 400;\">Universitat Oberta de Catalunya<\/span><\/a><span style=\"font-weight: 400;\">. Se ha desempe\u00f1ado como Coordinadora de Relaciones Institucionales de Idealistas.org (2004) y como asistente de investigaci\u00f3n en <\/span><a href=\"http:\/\/newirin.irinnews.org\/\"><span style=\"font-weight: 400;\">IRINNews<\/span><\/a><span style=\"font-weight: 400;\">, dependiente de la Oficina de la ONU para la Coordinaci\u00f3n de Asuntos Humanitarios (OCHA) en Nairobi, Kenia (2005). En el 2007 fund\u00f3 el <\/span><a href=\"http:\/\/cices.org.ar\/\"><span style=\"font-weight: 400;\">Centro de Investigaci\u00f3n y Capacitaci\u00f3n de Emprendedores Sociales<\/span><\/a><span style=\"font-weight: 400;\">, organizaci\u00f3n que apoya al liderazgo juvenil y brinda formaci\u00f3n y apoyo en la gesti\u00f3n de proyectos comunitarios y desarrollo social. Ha dictado cursos de planificaci\u00f3n, gesti\u00f3n y evaluaci\u00f3n de proyectos de cooperaci\u00f3n internacional para organizaciones de la sociedad civil y funcionarios de organismos gubernamentales (2008-2011). Tras la participaci\u00f3n del <\/span><a href=\"https:\/\/lalp.georgetown.edu\/es\/\"><span style=\"font-weight: 400;\">Programa Global Competitiveness Leadership<\/span><\/a><span style=\"font-weight: 400;\"> en la Universidad de Georgetown en el 2012, fund\u00f3 la Red Latinoamericana de J\u00f3venes por la Democracia en Cuba junto a participantes de siete pa\u00edses de la regi\u00f3n. Para el a\u00f1o 2014, la red ya se hab\u00eda expandido a veinte pa\u00edses y ampliado sus objetivos para nombrarse la Red Latinoamericana de J\u00f3venes por la Democracia (<\/span><a href=\"https:\/\/juventudlac.org\/\"><span style=\"font-weight: 400;\">JuventudLAC<\/span><\/a><span style=\"font-weight: 400;\">), miembro del Movimiento Mundial de J\u00f3venes por la Democracia (WYMD). En 2018 funda <\/span><a href=\"https:\/\/cultdemocratica.org\/\"><span style=\"font-weight: 400;\">Cultura Democr\u00e1tica<\/span><\/a><span style=\"font-weight: 400;\"> Asociaci\u00f3n Civil humanista en Argentina y con proyectos en la regi\u00f3n con apoyo del Centro Dem\u00f3crata Cristiano de Suecia (<\/span><a href=\"https:\/\/kicsweden.org\/en\/\"><span style=\"font-weight: 400;\">KIC)<\/span><\/a><span style=\"font-weight: 400;\">, miembros de <\/span><a href=\"https:\/\/redlad.org\/\"><span style=\"font-weight: 400;\">REDLAD<\/span><\/a><span style=\"font-weight: 400;\"> y del <\/span><a href=\"https:\/\/www.movedemocracy.org\/\"><span style=\"font-weight: 400;\">Movimiento Mundial por la Democracia<\/span><\/a><span style=\"font-weight: 400;\"> .<\/span><\/p>\t\t\t\t\t\t\t\t<\/div>\n\t\t\t\t<\/div>\n\t\t\t\t\t<\/div>\n\t\t<\/div>\n\t\t\t\t<div class=\"elementor-column elementor-col-50 elementor-inner-column elementor-element elementor-element-6087d5a\" data-id=\"6087d5a\" data-element_type=\"column\">\n\t\t\t<div class=\"elementor-widget-wrap elementor-element-populated\">\n\t\t\t\t\t\t<div class=\"elementor-element elementor-element-5a7c63e elementor-widget elementor-widget-heading\" data-id=\"5a7c63e\" data-element_type=\"widget\" data-widget_type=\"heading.default\">\n\t\t\t\t<div class=\"elementor-widget-container\">\n\t\t\t\t\t<h2 class=\"elementor-heading-title elementor-size-default\">Investigaci\u00f3n en Sociedad Civil y democratizaci\u00f3n en Cuba<\/h2>\t\t\t\t<\/div>\n\t\t\t\t<\/div>\n\t\t\t\t<div class=\"elementor-element elementor-element-ac580e9 elementor-widget elementor-widget-text-editor\" data-id=\"ac580e9\" data-element_type=\"widget\" data-widget_type=\"text-editor.default\">\n\t\t\t\t<div class=\"elementor-widget-container\">\n\t\t\t\t\t\t\t\t\t<p><span style=\"font-weight: 400;\">Desde 2006 ha participado en proyectos de solidaridad democr\u00e1tica con Cuba a trav\u00e9s de actividades de Generaci\u00f3n Democr\u00e1tica y el Comit\u00e9 Internacional de J\u00f3venes por la Democracia en Cuba. Ha viajado tres veces a la isla (2009, 2010, y 2012) para realizar entrevistas a los principales referentes de la sociedad civil. Se desempe\u00f1\u00f3 como Coordinadora de Proyectos de Derechos Humanos en Cuba en la Fundaci\u00f3n <\/span><a href=\"https:\/\/cadal.org\/\"><span style=\"font-weight: 400;\">CADAL<\/span><\/a><span style=\"font-weight: 400;\"> (2012). Desde el a\u00f1o 2012 trabaja con proyectos de fortalecimiento de la sociedad civil cubana para el cambio democr\u00e1tico, especialmente formando a j\u00f3venes cubanos activistas de derechos humanos congregados en la <\/span><a href=\"https:\/\/juventudcuba.org\/\"><span style=\"font-weight: 400;\">Mesa de Di\u00e1logo de la Juventud Cubana<\/span><\/a><span style=\"font-weight: 400;\">.\u00a0<\/span><\/p><p><span style=\"font-weight: 400;\">Mientras cursaba el Programa de Public Policy and Good Governance en la Universidad de Passau (becaria <\/span><a href=\"https:\/\/www.daad.org\/en\/\"><span style=\"font-weight: 400;\">DAAD<\/span><\/a><span style=\"font-weight: 400;\">), entrevist\u00f3 a 75 miembros de la sociedad civil independiente cubana para escribir su tesis de maestr\u00eda sobre procesos de fortalecimiento de la sociedad civil cubana a trav\u00e9s de la solidaridad democr\u00e1tica internacional. Entre 2019 y 2020 trabaj\u00f3 como consultora senior en un proyecto de fortalecimiento de la sociedad civil en Cuba de REDLAD. A partir de 2021 contribuye como investigadora en el proyecto \u201c<\/span><a href=\"https:\/\/cuba.cultdemocratica.org\/\"><span style=\"font-weight: 400;\">Memoria y Cultura por la Democracia en Cuba<\/span><\/a><span style=\"font-weight: 400;\">\u201d de Cultura Democr\u00e1tica.<\/span><\/p>\t\t\t\t\t\t\t\t<\/div>\n\t\t\t\t<\/div>\n\t\t\t\t\t<\/div>\n\t\t<\/div>\n\t\t\t\t\t<\/div>\n\t\t<\/section>\n\t\t\t\t\t<\/div>\n\t\t<\/div>\n\t\t\t\t\t<\/div>\n\t\t<\/section>\n\t\t\t\t<section class=\"elementor-section elementor-top-section elementor-element elementor-element-41bb4f4 elementor-section-boxed elementor-section-height-default elementor-section-height-default\" data-id=\"41bb4f4\" data-element_type=\"section\">\n\t\t\t\t\t\t<div class=\"elementor-container elementor-column-gap-default\">\n\t\t\t\t\t<div class=\"elementor-column elementor-col-100 elementor-top-column elementor-element elementor-element-f382e1f\" data-id=\"f382e1f\" data-element_type=\"column\">\n\t\t\t<div class=\"elementor-widget-wrap\">\n\t\t\t\t\t\t\t<\/div>\n\t\t<\/div>\n\t\t\t\t\t<\/div>\n\t\t<\/section>\n\t\t\t\t<\/div>\n\t\t","protected":false},"excerpt":{"rendered":"<p>MI HISTORIA Hola, soy Micaela Hierro Dori Soy argentina, nac\u00ed en Buenos Aires en 1979 y crec\u00ed en Yapey\u00fa, Corrientes. Viv\u00ed en este pueblo hist\u00f3rico de<span class=\"excerpt-hellip\"> [\u2026]<\/span><\/p>\n","protected":false},"author":1,"featured_media":0,"parent":0,"menu_order":0,"comment_status":"closed","ping_status":"closed","template":"","meta":{"footnotes":""},"class_list":["post-316","page","type-page","status-publish","hentry"],"_links":{"self":[{"href":"https:\/\/micahierro.com\/index.php\/wp-json\/wp\/v2\/pages\/316","targetHints":{"allow":["GET"]}}],"collection":[{"href":"https:\/\/micahierro.com\/index.php\/wp-json\/wp\/v2\/pages"}],"about":[{"href":"https:\/\/micahierro.com\/index.php\/wp-json\/wp\/v2\/types\/page"}],"author":[{"embeddable":true,"href":"https:\/\/micahierro.com\/index.php\/wp-json\/wp\/v2\/users\/1"}],"replies":[{"embeddable":true,"href":"https:\/\/micahierro.com\/index.php\/wp-json\/wp\/v2\/comments?post=316"}],"version-history":[{"count":19,"href":"https:\/\/micahierro.com\/index.php\/wp-json\/wp\/v2\/pages\/316\/revisions"}],"predecessor-version":[{"id":458,"href":"https:\/\/micahierro.com\/index.php\/wp-json\/wp\/v2\/pages\/316\/revisions\/458"}],"wp:attachment":[{"href":"https:\/\/micahierro.com\/index.php\/wp-json\/wp\/v2\/media?parent=316"}],"curies":[{"name":"wp","href":"https:\/\/api.w.org\/{rel}","templated":true}]}}